{"id":40552,"date":"2023-09-19T09:00:10","date_gmt":"2023-09-19T08:00:10","guid":{"rendered":"http:\/\/europaforum.nu\/?post_type=tribe_events&#038;p=40552"},"modified":"2023-11-01T12:53:30","modified_gmt":"2023-11-01T11:53:30","slug":"europaforum-norra-sverige-utokat-rapportorsmote-9-november-i-bryssel","status":"publish","type":"tribe_events","link":"https:\/\/europaforum.nu\/?tribe_events=europaforum-norra-sverige-utokat-rapportorsmote-9-november-i-bryssel","title":{"rendered":"Europaforum Norra Sverige ut\u00f6kat rapport\u00f6rsm\u00f6te 9\u201310 november i Bryssel"},"content":{"rendered":"<h1>Ut\u00f6kat rapport\u00f6rsm\u00f6te Europaforum Norra Sverige<br \/>\nBryssel 9-10 november 2023<\/h1>\n<p><strong><u>M\u00f6teslokal<\/u>: <em>NSEO, Avenue des Arts 11, pl. 5, Bryssel<\/em><br \/>\n<\/strong><em>(d\u00e4r inte annat s\u00e4gs)<\/em><\/p>\n<p><u>Onsdag \u00a08\/11<\/u><\/p>\n<p><em>Resdag till Bryssel<\/em><\/p>\n<p>Resdag till Bryssel. M\u00f6jlighet att anordna (externa) m\u00f6ten med arbetsgrupperna eller att bes\u00f6ka EU-kommissionen (Rue de la Loi 170, 13:40-17:00). F\u00f6ranm\u00e4lan kr\u00e4vs.<\/p>\n<p>20:00\u00a0\u00a0\u00a0\u00a0\u00a0\u00a0\u00a0\u00a0\u00a0\u00a0\u00a0 <em>L\u00e4ttare f\u00f6rt\u00e4ring p\u00e5 NSEO f\u00f6r den som \u00f6nskar<\/em><\/p>\n<p><u>Torsdag \u00a09\/11<\/u><\/p>\n<p class=\"p2\"><em>8:00 Morgonfika och registrering p\u00e5 NSEO<\/em><\/p>\n<p>8:15 Samling och uppstart med hantering av positioner<\/p>\n<p>Jonas Andersson, ordf\u00f6rande EFNS<\/p>\n<p>Mikael Janson, direkt\u00f6r North Sweden European Office<\/p>\n<p class=\"p2\">9:00 <b>Vad h\u00e4nder med regionernas roll f\u00f6r EU i v\u00e4rlden? <\/b><\/p>\n<p class=\"p2\">Alison Hunter, <i>Senior Adviser on regional policy, innovation and industrial growth, European Policy Centre (EPC) <\/i><\/p>\n<p class=\"p2\">10:00 Fika<\/p>\n<p class=\"p2\">10:30 <b>Hur g\u00e5r det f\u00f6r EU egentligen? <\/b><\/p>\n<p class=\"p2\">\u00c5sa Webber, <i>Kanslichef hos EU-kommission\u00e4r Ylva Johansson med ansvar f\u00f6r EU:s inrikes fr\u00e5gor och migration <\/i><\/p>\n<p class=\"p2\">11:30 <b>Framtidens regionalpolitik i EU <\/b><\/p>\n<p class=\"p2\">Fredrik Tiger<i>, Programme Manager Sverige, EU-kommissionen DG Regio <\/i><\/p>\n<p class=\"p2\">12:30 Lunch<\/p>\n<p class=\"p2\">13:30 <b>Transporter i en ny v\u00e4rldsordning <\/b><\/p>\n<p class=\"p2\">Siamak Jalali, <i>Nationell expert vid EU-kommissionen DG Move <\/i><\/p>\n<p class=\"p2\">14:15 <b>G\u00e5r det \u00e5t skogen med skogen i EU? <\/b><\/p>\n<p class=\"p2\">Emma Wiesner<i>, Europaparlamentariker<\/i><\/p>\n<p class=\"p2\">15:00 <i>Fika <\/i><\/p>\n<p class=\"p2\">15:30 <b>Uppsummering och reflektioner kring norra Sverige i EU <\/b><\/p>\n<p class=\"p2\">Erik Bergkvist, Europaparlamentariker<\/p>\n<p class=\"p2\">Jonas Andersson, O<i>rdf\u00f6rande<\/i>, \u00c5sa \u00c5gren Wikstr\u00f6m, Vice ordf\u00f6rande<\/p>\n<p class=\"p2\">16:15 Avslut<\/p>\n<p class=\"p2\">16:30 M\u00f6jlighet anordna (externt) m\u00f6te med arbetsgrupperna<\/p>\n<p class=\"p2\">19:00 <i>Middag<\/i><\/p>\n<p>Aux armes,<span class=\"w8qArf\">\u00a0<\/span><span class=\"LrzXr\">Rue des Bouchers 13<\/span><\/p>\n<p class=\"p2\"><span style=\"text-decoration: underline;\">Fredag 10\/10<\/span><\/p>\n<p class=\"p2\">M\u00f6jlighet att anordna (externa) m\u00f6ten med arbetsgrupperna eller bes\u00f6ka Europeiska Regionkommitt\u00e9n (Rue Belliard 101, 9:45-11:00). Se info nedan.<\/p>\n<p class=\"p2\">Resdag hem.<\/p>\n<p>Anm\u00e4l er till ut\u00f6kade rapport\u00f6rsm\u00f6tet h\u00e4r https:\/\/docs.google.com\/forms\/d\/e\/1FAIpQLSc2ezthkklntJnhJSxwOXWBypSkUMX3FeDh8lqG0zQz1gKMDw\/viewform?usp=sf_link innan 20 oktober.<\/p>\n<div><b>M\u00f6jlighet till sutidebes\u00f6k 8\/11 &amp;10\/11<\/b><\/div>\n<div>\n<p>M\u00f6jlighet till studiebes\u00f6k 8\/11 &amp;10\/11<br \/>\nP\u00e5 onsdagen den 8\/11 finns det m\u00f6jlighet att f\u00f6lja med p\u00e5 studiebes\u00f6k p\u00e5 EU-kommissionen f\u00f6r er som redan \u00e4r p\u00e5 plats. Start 13.40 till 17 ca. Bes\u00f6ket \u00e4r ett s\u00e5 kallat skr\u00e4ddarsytt bes\u00f6k med en kort introduktion om kommissionens roll i EU och d\u00e4refter presentation om framtidens sammah\u00e5llningspolitik, och initiativ kopplat till gr\u00f6n industriell omst\u00e4llning samt kompetensf\u00f6rs\u00f6rjning och attrahera talanger till EU. Adress: Rue de la Loi 170<\/p>\n<p>P\u00e5 fredagen den 10\/11 finns det m\u00f6jlighet att f\u00f6lja med p\u00e5 studiebes\u00f6k p\u00e5 Regionkomitt\u00e9n om regionernas roll i utformningen av EU:s lagstiftning. Start 9.45 till 11 ca. Adress: Rue Belliard 101.<br \/>\nH\u00f6r av er till maria.bostrom@northsweden.eu om ni \u00e4r intresserade av att f\u00f6lja med p\u00e5 n\u00e5got av studiebes\u00f6ken <strong>senast 23 oktober. F\u00f6ranm\u00e4lan kr\u00e4vs.<\/strong><\/p>\n<\/div>\n","protected":false},"excerpt":{"rendered":"<p>Ut\u00f6kat rapport\u00f6rsm\u00f6te Europaforum Norra Sverige Bryssel 9-10 november 2023 M\u00f6teslokal: NSEO, Avenue des Arts 11, pl. 5, Bryssel (d\u00e4r inte annat s\u00e4gs) Onsdag \u00a08\/11 Resdag till Bryssel Resdag till Bryssel. [&hellip;]<\/p>\n","protected":false},"author":9,"featured_media":40554,"template":"","meta":{"_et_pb_use_builder":"","_et_pb_old_content":"","_et_gb_content_width":"","_tribe_events_status":"","_tribe_events_status_reason":"","footnotes":""},"tags":[],"tribe_events_cat":[],"class_list":["post-40552","tribe_events","type-tribe_events","status-publish","has-post-thumbnail","hentry"],"_links":{"self":[{"href":"https:\/\/europaforum.nu\/index.php?rest_route=\/wp\/v2\/tribe_events\/40552","targetHints":{"allow":["GET"]}}],"collection":[{"href":"https:\/\/europaforum.nu\/index.php?rest_route=\/wp\/v2\/tribe_events"}],"about":[{"href":"https:\/\/europaforum.nu\/index.php?rest_route=\/wp\/v2\/types\/tribe_events"}],"author":[{"embeddable":true,"href":"https:\/\/europaforum.nu\/index.php?rest_route=\/wp\/v2\/users\/9"}],"version-history":[{"count":14,"href":"https:\/\/europaforum.nu\/index.php?rest_route=\/wp\/v2\/tribe_events\/40552\/revisions"}],"predecessor-version":[{"id":40605,"href":"https:\/\/europaforum.nu\/index.php?rest_route=\/wp\/v2\/tribe_events\/40552\/revisions\/40605"}],"wp:featuredmedia":[{"embeddable":true,"href":"https:\/\/europaforum.nu\/index.php?rest_route=\/wp\/v2\/media\/40554"}],"wp:attachment":[{"href":"https:\/\/europaforum.nu\/index.php?rest_route=%2Fwp%2Fv2%2Fmedia&parent=40552"}],"wp:term":[{"taxonomy":"post_tag","embeddable":true,"href":"https:\/\/europaforum.nu\/index.php?rest_route=%2Fwp%2Fv2%2Ftags&post=40552"},{"taxonomy":"tribe_events_cat","embeddable":true,"href":"https:\/\/europaforum.nu\/index.php?rest_route=%2Fwp%2Fv2%2Ftribe_events_cat&post=40552"}],"curies":[{"name":"wp","href":"https:\/\/api.w.org\/{rel}","templated":true}]}}